{"id":646,"date":"2017-09-05T10:49:47","date_gmt":"2017-09-05T10:49:47","guid":{"rendered":"https:\/\/www.fondazioneborischristoff.org\/attivita"},"modified":"2021-10-18T11:38:05","modified_gmt":"2021-10-18T09:38:05","slug":"activities","status":"publish","type":"page","link":"https:\/\/www.fondazioneborischristoff.org\/en\/activities","title":{"rendered":"Activities"},"content":{"rendered":"[vc_row full_width=&#8221;stretch_row&#8221; curly_bg_repeat=&#8221;bg-no-repeat&#8221; curly_bg_position=&#8221;bg-pos-center-bottom&#8221; curly_padding=&#8221;content-padding-lg&#8221; css=&#8221;.vc_custom_1504179041831{padding-top: 15% !important;background-color: #f5f5f5 !important;background-position: center !important;background-repeat: no-repeat !important;background-size: cover !important;}&#8221;][vc_column width=&#8221;1\/2&#8243;][vc_column_text]\n<h1 class=\"display-1\">Past Activities<\/h1>\n[\/vc_column_text][vc_empty_space height=&#8221;&#8221; el_class=&#8221;xtd-spacer&#8211;lg&#8221;][vc_column_text]\n<p class=\"lead lead-lg\">Since its inception, the Boris Christoff Foundation actively supported the many activities related to the master program in opera &#8220;Santa Cecilia Opera Studio&#8221;, organized by the Santa Cecilia National Academy until 2015.<\/p>\n[\/vc_column_text][vc_empty_space height=&#8221;&#8221; el_class=&#8221;xtd-spacer&#8221;][vc_row_inner][vc_column_inner][vc_column_text]<span style=\"font-weight: 400;\">Among the various co-produced artistic initiatives, there are a number of opera productions staged in the Sala Petrassi at the Auditorium Parco della Musica in Rome, entirely made with the young artists of the Academy&#8217;s master courses.<\/span>[\/vc_column_text][\/vc_column_inner][\/vc_row_inner][\/vc_column][vc_column width=&#8221;5\/12&#8243; offset=&#8221;vc_col-sm-offset-1&#8243;][vc_single_image image=&#8221;697&#8243; img_size=&#8221;large&#8221; style=&#8221;xtd-shadow&#8211;normal-normal&#8221; css_animation=&#8221;fadeIn&#8221; el_class=&#8221;xtd-offset-frame&#8221;][\/vc_column][\/vc_row][vc_row el_id=&#8221;attivita&#8221;][vc_column][vc_row_inner][vc_column_inner width=&#8221;1\/3&#8243;][vc_column_text]\n<h2 class=\"color-primary\">2021<\/h2>\n<p><span style=\"font-weight: 400;\">The Boris Christoff Foundation, renewing its multi-year collaboration with the Bulgarian Institute of Culture based in Rome, has granted four scholarships to Bulgarian singers, selected through a public competition carried out in collaboration with the Ministry of Culture of Bulgaria. The winning singers have attended the advanced courses in opera singing hosted by the Bulgarian Institute of Culture during the Summer of 2021, under the artistic direction of Orlin Anastassov.<br \/>\n<\/span><span style=\"font-weight: 400;\">Here are the names of the winners of the 2021 Boris Christoff Foundation Scholarships:<br \/>\n<\/span><span style=\"font-weight: 400;\">Leonora Llieva, soprano<br \/>\n<\/span><span style=\"font-weight: 400;\">Gergana Gerorgieva, soprano (high)<br \/>\n<\/span><span style=\"font-weight: 400;\">Dimitrinka Kechedzhieva, soprano (high)<br \/>\n<\/span><span style=\"font-weight: 400;\">Viktor Krastanov, basso (low)<\/span>[\/vc_column_text][\/vc_column_inner][vc_column_inner width=&#8221;2\/3&#8243;][vc_single_image image=&#8221;599&#8243; img_size=&#8221;large&#8221; alignment=&#8221;center&#8221; style=&#8221;xtd-shadow&#8211;normal-normal&#8221; css_animation=&#8221;fadeIn&#8221; el_class=&#8221;xtd-offset-frame&#8221;][\/vc_column_inner][\/vc_row_inner][vc_row_inner][vc_column_inner width=&#8221;1\/3&#8243;][vc_column_text]\n<h2 class=\"color-primary\">2016<\/h2>\n<p><span style=\"font-weight: 400;\">In 2016, the Christoff Foundation supported the \u201cIncontri con la Musica\u201d (Meeting with Music), a series of Sunday concerts held by the artists of the Santa Cecilia master courses at the Auditorium Parco della Musica.<\/span><\/p>\n<p><a href=\"https:\/\/www.fondazioneborischristoff.org\/wp-content\/uploads\/2021\/07\/6.-Incontri-con-la-Musica.pdf\">Read the poster<\/a>[\/vc_column_text][\/vc_column_inner][vc_column_inner width=&#8221;2\/3&#8243;][vc_single_image image=&#8221;608&#8243; img_size=&#8221;large&#8221; alignment=&#8221;center&#8221; style=&#8221;xtd-shadow&#8211;normal-normal&#8221; css_animation=&#8221;fadeIn&#8221; el_class=&#8221;xtd-offset-frame&#8221;][\/vc_column_inner][\/vc_row_inner][vc_row_inner][vc_column_inner width=&#8221;1\/3&#8243;][vc_column_text]\n<h2 class=\"color-primary\">2014<\/h2>\n<p><b>Celebrations for the centenary of the birth of Boris Christoff<br \/>\n<\/b><span style=\"font-weight: 400;\">The Boris Christoff Foundation, in collaboration with the Santa Cecilia National Academy and the Bulgarian Institute of Culture, has promoted a series of initiatives to celebrate the figure of the great Bulgarian bass, culminating in the<b> &#8220;Concert for Christoff &#8211; A Voice within the soul\u201d <\/b>which re-proposed the same chamber program that the great artist presented on the occasion of his last appearance at the Santa Cecilia National Academy back in 1977. The concert was performed by some of the best artists from the Santa Cecilia Opera Studio Master Course that the Boris Christoff Foundation supported for many years.<br \/>\n<\/span><span style=\"font-weight: 400;\">Other initiatives included:<\/span><\/p>\n<ul>\n<li style=\"font-weight: 400;\" aria-level=\"1\"><span style=\"font-weight: 400;\">Photographic exhibition curated by the Bulgarian Institute of Culture<\/span><\/li>\n<li style=\"font-weight: 400;\" aria-level=\"1\"><span style=\"font-weight: 400;\">World premiere screening of the documentary \u201cThe prayer of Boris Christoff\u201d by Magdalena Manolova<\/span><\/li>\n<li style=\"font-weight: 400;\" aria-level=\"1\"><span style=\"font-weight: 400;\">World premiere screening of the documentary \u201cLetter from Tuscany\u201d by Ema Konstantinova<\/span><\/li>\n<\/ul>\n<p><span style=\"font-weight: 400;\">The Christoff Foundation also sponsored a major celebratory event, <\/span><b><i>Boris Christoff. Le Basse m\u00e9morable<\/i><\/b><span style=\"font-weight: 400;\"> held on May 21 in Brussels under the aegis of the European Community.<\/span>[\/vc_column_text][\/vc_column_inner][vc_column_inner width=&#8221;2\/3&#8243;]<div class='xtd-carousel-mini__container custom-slider '><div class='xtd-carousel-mini'><div class='owl-carousel' data-autoplay='true' data-timeout='4000' data-hover='false' data-loop='true' data-dots='false'>[vc_single_image image=&#8221;521&#8243; img_size=&#8221;large&#8221; alignment=&#8221;center&#8221; style=&#8221;xtd-shadow&#8211;normal-normal&#8221; css_animation=&#8221;fadeIn&#8221; el_class=&#8221;xtd-offset-frame&#8221;][vc_single_image image=&#8221;595&#8243; img_size=&#8221;large&#8221; alignment=&#8221;center&#8221; style=&#8221;xtd-shadow&#8211;normal-normal&#8221; css_animation=&#8221;fadeIn&#8221; el_class=&#8221;xtd-offset-frame&#8221;]<\/div><\/div><\/div>[\/vc_column_inner][\/vc_row_inner][vc_row_inner][vc_column_inner width=&#8221;1\/3&#8243;][vc_column_text]\n<h2 class=\"color-primary\">2012<\/h2>\n<p><span style=\"font-weight: 400;\">September 11, 12, and 13, Sala Petrassi, Auditorium Parco della Musica in co-production with the Santa Cecilia National Academy<br \/>\n<\/span><i><span style=\"font-weight: 400;\">L\u2019heure espagnole<\/span><\/i><span style=\"font-weight: 400;\">, Maurice Ravel<br \/>\n<\/span><i><span style=\"font-weight: 400;\">Gianni Schicchi<\/span><\/i><span style=\"font-weight: 400;\">, Giacomo Puccini<br \/>\n<\/span><span style=\"font-weight: 400;\">Artists of Santa Cecilia Opera Studio<br \/>\n<\/span><span style=\"font-weight: 400;\">Ensemble 900<br \/>\n<\/span><span style=\"font-weight: 400;\">Carlo Rizzari <\/span><i><span style=\"font-weight: 400;\">conductor<br \/>\n<\/span><\/i><span style=\"font-weight: 400;\">Cesare Scarton <\/span><i><span style=\"font-weight: 400;\">director\u00a0<\/span><\/i><\/p>\n<p><span style=\"font-weight: 400;\">Gennaro Vallifuoco <\/span><i><span style=\"font-weight: 400;\">scenes<br \/>\n<\/span><\/i><span style=\"font-weight: 400;\">Laura Viani <\/span><i><span style=\"font-weight: 400;\">costume designer<br \/>\n<\/span><\/i><span style=\"font-weight: 400;\">Sartoria Tirelli <\/span><i><span style=\"font-weight: 400;\">costumes<br \/>\n<\/span><\/i><span style=\"font-weight: 400;\">Corrado Verini <\/span><i><span style=\"font-weight: 400;\">lights<\/span><\/i>[\/vc_column_text][\/vc_column_inner][vc_column_inner width=&#8221;2\/3&#8243;]<div class='xtd-carousel-mini__container  '><div class='xtd-carousel-mini'><div class='owl-carousel' data-autoplay='true' data-timeout='4000' data-hover='false' data-loop='true' data-dots='false'>[vc_single_image image=&#8221;448&#8243; img_size=&#8221;large&#8221; alignment=&#8221;center&#8221; style=&#8221;xtd-shadow&#8211;normal-normal&#8221; css_animation=&#8221;fadeIn&#8221; el_class=&#8221;xtd-offset-frame&#8221;][vc_single_image image=&#8221;450&#8243; img_size=&#8221;large&#8221; alignment=&#8221;center&#8221; style=&#8221;xtd-shadow&#8211;normal-normal&#8221; css_animation=&#8221;fadeIn&#8221; el_class=&#8221;xtd-offset-frame&#8221;]<\/div><\/div><\/div>[\/vc_column_inner][\/vc_row_inner][vc_row_inner][vc_column_inner width=&#8221;1\/3&#8243;][vc_column_text]\n<h2 class=\"color-primary\">2011<\/h2>\n<p><span style=\"font-weight: 400;\">April 12 and 14, Sala Petrassi, Auditorium Parco della Musica in co-production with the Santa Cecilia National Academy<br \/>\n<\/span><i><span style=\"font-weight: 400;\">The cunning little vixen<\/span><\/i><span style=\"font-weight: 400;\">, Le\u00f3\u0161 Jan\u00e1\u010dek,<br \/>\n<\/span><span style=\"font-weight: 400;\">Artists of Santa Cecilia Opera Studio,<br \/>\n<\/span><span style=\"font-weight: 400;\">Instrumental Ensemble of Master Courses<br \/>\n<\/span><span style=\"font-weight: 400;\">Children\u2019 Choir and of the Santa Cecilia National Academy<br \/>\n<\/span><span style=\"font-weight: 400;\">Marco Angius <\/span><i><span style=\"font-weight: 400;\">conductor<br \/>\n<\/span><\/i><span style=\"font-weight: 400;\">Cesare Scarton <\/span><i><span style=\"font-weight: 400;\">director<br \/>\n<\/span><\/i><span style=\"font-weight: 400;\">Jos\u00e9 Maria Sciutto <\/span><i><span style=\"font-weight: 400;\">Choir Master<\/span><\/i><\/p>\n<p><span style=\"font-weight: 400;\">Gennaro Vallifuoco <\/span><i><span style=\"font-weight: 400;\">scenes<br \/>\n<\/span><\/i><span style=\"font-weight: 400;\">Tiziana Cannavacciuolo <\/span><i><span style=\"font-weight: 400;\">costumes<br \/>\n<\/span><\/i><span style=\"font-weight: 400;\">Flaviano Pizzardi &#8211; The Pool Factory Animations<br \/>\n<\/span><span style=\"font-weight: 400;\">Patrizia Salvatori <\/span><i><span style=\"font-weight: 400;\">choreographic movements<\/span><\/i><span style=\"font-weight: 400;\"> (April 2011)<\/span>[\/vc_column_text][\/vc_column_inner][vc_column_inner width=&#8221;2\/3&#8243;]<div class='xtd-carousel-mini__container offset_carousel_img '><div class='xtd-carousel-mini'><div class='owl-carousel' data-autoplay='true' data-timeout='4000' data-hover='false' data-loop='true' data-dots='false'>[vc_single_image image=&#8221;444&#8243; img_size=&#8221;large&#8221; alignment=&#8221;center&#8221; style=&#8221;xtd-shadow&#8211;normal-normal&#8221; css_animation=&#8221;fadeIn&#8221; el_class=&#8221;xtd-offset-frame&#8221;][vc_single_image image=&#8221;446&#8243; img_size=&#8221;large&#8221; alignment=&#8221;center&#8221; style=&#8221;xtd-shadow&#8211;normal-normal&#8221; css_animation=&#8221;fadeIn&#8221; el_class=&#8221;xtd-offset-frame&#8221;]<\/div><\/div><\/div>[\/vc_column_inner][\/vc_row_inner][\/vc_column][\/vc_row]\n","protected":false},"excerpt":{"rendered":"<p>[vc_row full_width=&#8221;stretch_row&#8221; curly_bg_repeat=&#8221;bg-no-repeat&#8221; curly_bg_position=&#8221;bg-pos-center-bottom&#8221; curly_padding=&#8221;content-padding-lg&#8221; css=&#8221;.vc_custom_1504179041831{padding-top: 15% !important;background-color: #f5f5f5 !important;background-position: center !important;background-repeat: no-repeat !important;background-size: cover !important;}&#8221;][vc_column width=&#8221;1\/2&#8243;][vc_column_text] Past Activities [\/vc_column_text][vc_empty_space height=&#8221;&#8221; el_class=&#8221;xtd-spacer&#8211;lg&#8221;][vc_column_text] Since its inception, the Boris Christoff Foundation actively supported the many activities related to the master program in opera &#8220;Santa Cecilia Opera Studio&#8221;, organized by the Santa Cecilia National Academy until 2015. [\/vc_column_text][vc_empty_space height=&#8221;&#8221; el_class=&#8221;xtd-spacer&#8221;][vc_row_inner][vc_column_inner][vc_column_text]Among the various co-produced [&hellip;]<\/p>\n","protected":false},"author":2,"featured_media":0,"parent":0,"menu_order":0,"comment_status":"closed","ping_status":"closed","template":"","meta":{"footnotes":""},"class_list":["post-646","page","type-page","status-publish","hentry"],"yoast_head":"<!-- This site is optimized with the Yoast SEO plugin v26.6 - https:\/\/yoast.com\/wordpress\/plugins\/seo\/ -->\n<title>Activities - Fondazione Boris Christoff<\/title>\n<meta name=\"robots\" content=\"index, follow, max-snippet:-1, max-image-preview:large, max-video-preview:-1\" \/>\n<link rel=\"canonical\" href=\"https:\/\/www.fondazioneborischristoff.org\/en\/activities\" \/>\n<meta property=\"og:locale\" content=\"en_US\" \/>\n<meta property=\"og:type\" content=\"article\" \/>\n<meta property=\"og:title\" content=\"Activities - Fondazione Boris Christoff\" \/>\n<meta property=\"og:description\" content=\"[vc_row full_width=&#8221;stretch_row&#8221; curly_bg_repeat=&#8221;bg-no-repeat&#8221; curly_bg_position=&#8221;bg-pos-center-bottom&#8221; curly_padding=&#8221;content-padding-lg&#8221; css=&#8221;.vc_custom_1504179041831{padding-top: 15% !important;background-color: #f5f5f5 !important;background-position: center !important;background-repeat: no-repeat !important;background-size: cover !important;}&#8221;][vc_column width=&#8221;1\/2&#8243;][vc_column_text] Past Activities [\/vc_column_text][vc_empty_space height=&#8221;&#8221; el_class=&#8221;xtd-spacer&#8211;lg&#8221;][vc_column_text] Since its inception, the Boris Christoff Foundation actively supported the many activities related to the master program in opera &#8220;Santa Cecilia Opera Studio&#8221;, organized by the Santa Cecilia National Academy until 2015. [\/vc_column_text][vc_empty_space height=&#8221;&#8221; el_class=&#8221;xtd-spacer&#8221;][vc_row_inner][vc_column_inner][vc_column_text]Among the various co-produced [&hellip;]\" \/>\n<meta property=\"og:url\" content=\"https:\/\/www.fondazioneborischristoff.org\/en\/activities\" \/>\n<meta property=\"og:site_name\" content=\"Fondazione Boris Christoff\" \/>\n<meta property=\"article:modified_time\" content=\"2021-10-18T09:38:05+00:00\" \/>\n<meta name=\"twitter:card\" content=\"summary_large_image\" \/>\n<meta name=\"twitter:label1\" content=\"Est. reading time\" \/>\n\t<meta name=\"twitter:data1\" content=\"5 minutes\" \/>\n<script type=\"application\/ld+json\" class=\"yoast-schema-graph\">{\"@context\":\"https:\/\/schema.org\",\"@graph\":[{\"@type\":\"WebPage\",\"@id\":\"https:\/\/www.fondazioneborischristoff.org\/en\/activities\",\"url\":\"https:\/\/www.fondazioneborischristoff.org\/en\/activities\",\"name\":\"Activities - Fondazione Boris Christoff\",\"isPartOf\":{\"@id\":\"https:\/\/www.fondazioneborischristoff.org\/en#website\"},\"datePublished\":\"2017-09-05T10:49:47+00:00\",\"dateModified\":\"2021-10-18T09:38:05+00:00\",\"breadcrumb\":{\"@id\":\"https:\/\/www.fondazioneborischristoff.org\/en\/activities#breadcrumb\"},\"inLanguage\":\"en-US\",\"potentialAction\":[{\"@type\":\"ReadAction\",\"target\":[\"https:\/\/www.fondazioneborischristoff.org\/en\/activities\"]}]},{\"@type\":\"BreadcrumbList\",\"@id\":\"https:\/\/www.fondazioneborischristoff.org\/en\/activities#breadcrumb\",\"itemListElement\":[{\"@type\":\"ListItem\",\"position\":1,\"name\":\"Home\",\"item\":\"https:\/\/www.fondazioneborischristoff.org\/en\"},{\"@type\":\"ListItem\",\"position\":2,\"name\":\"Activities\"}]},{\"@type\":\"WebSite\",\"@id\":\"https:\/\/www.fondazioneborischristoff.org\/en#website\",\"url\":\"https:\/\/www.fondazioneborischristoff.org\/en\",\"name\":\"Fondazione Boris Christoff\",\"description\":\"\",\"publisher\":{\"@id\":\"https:\/\/www.fondazioneborischristoff.org\/en#organization\"},\"potentialAction\":[{\"@type\":\"SearchAction\",\"target\":{\"@type\":\"EntryPoint\",\"urlTemplate\":\"https:\/\/www.fondazioneborischristoff.org\/en?s={search_term_string}\"},\"query-input\":{\"@type\":\"PropertyValueSpecification\",\"valueRequired\":true,\"valueName\":\"search_term_string\"}}],\"inLanguage\":\"en-US\"},{\"@type\":\"Organization\",\"@id\":\"https:\/\/www.fondazioneborischristoff.org\/en#organization\",\"name\":\"Fondazione Boris Christoff\",\"url\":\"https:\/\/www.fondazioneborischristoff.org\/en\",\"logo\":{\"@type\":\"ImageObject\",\"inLanguage\":\"en-US\",\"@id\":\"https:\/\/www.fondazioneborischristoff.org\/en#\/schema\/logo\/image\/\",\"url\":\"https:\/\/www.fondazioneborischristoff.org\/wp-content\/uploads\/2021\/10\/Logo-nero-FBC.png\",\"contentUrl\":\"https:\/\/www.fondazioneborischristoff.org\/wp-content\/uploads\/2021\/10\/Logo-nero-FBC.png\",\"width\":150,\"height\":75,\"caption\":\"Fondazione Boris Christoff\"},\"image\":{\"@id\":\"https:\/\/www.fondazioneborischristoff.org\/en#\/schema\/logo\/image\/\"}}]}<\/script>\n<!-- \/ Yoast SEO plugin. -->","yoast_head_json":{"title":"Activities - Fondazione Boris Christoff","robots":{"index":"index","follow":"follow","max-snippet":"max-snippet:-1","max-image-preview":"max-image-preview:large","max-video-preview":"max-video-preview:-1"},"canonical":"https:\/\/www.fondazioneborischristoff.org\/en\/activities","og_locale":"en_US","og_type":"article","og_title":"Activities - Fondazione Boris Christoff","og_description":"[vc_row full_width=&#8221;stretch_row&#8221; curly_bg_repeat=&#8221;bg-no-repeat&#8221; curly_bg_position=&#8221;bg-pos-center-bottom&#8221; curly_padding=&#8221;content-padding-lg&#8221; css=&#8221;.vc_custom_1504179041831{padding-top: 15% !important;background-color: #f5f5f5 !important;background-position: center !important;background-repeat: no-repeat !important;background-size: cover !important;}&#8221;][vc_column width=&#8221;1\/2&#8243;][vc_column_text] Past Activities [\/vc_column_text][vc_empty_space height=&#8221;&#8221; el_class=&#8221;xtd-spacer&#8211;lg&#8221;][vc_column_text] Since its inception, the Boris Christoff Foundation actively supported the many activities related to the master program in opera &#8220;Santa Cecilia Opera Studio&#8221;, organized by the Santa Cecilia National Academy until 2015. [\/vc_column_text][vc_empty_space height=&#8221;&#8221; el_class=&#8221;xtd-spacer&#8221;][vc_row_inner][vc_column_inner][vc_column_text]Among the various co-produced [&hellip;]","og_url":"https:\/\/www.fondazioneborischristoff.org\/en\/activities","og_site_name":"Fondazione Boris Christoff","article_modified_time":"2021-10-18T09:38:05+00:00","twitter_card":"summary_large_image","twitter_misc":{"Est. reading time":"5 minutes"},"schema":{"@context":"https:\/\/schema.org","@graph":[{"@type":"WebPage","@id":"https:\/\/www.fondazioneborischristoff.org\/en\/activities","url":"https:\/\/www.fondazioneborischristoff.org\/en\/activities","name":"Activities - Fondazione Boris Christoff","isPartOf":{"@id":"https:\/\/www.fondazioneborischristoff.org\/en#website"},"datePublished":"2017-09-05T10:49:47+00:00","dateModified":"2021-10-18T09:38:05+00:00","breadcrumb":{"@id":"https:\/\/www.fondazioneborischristoff.org\/en\/activities#breadcrumb"},"inLanguage":"en-US","potentialAction":[{"@type":"ReadAction","target":["https:\/\/www.fondazioneborischristoff.org\/en\/activities"]}]},{"@type":"BreadcrumbList","@id":"https:\/\/www.fondazioneborischristoff.org\/en\/activities#breadcrumb","itemListElement":[{"@type":"ListItem","position":1,"name":"Home","item":"https:\/\/www.fondazioneborischristoff.org\/en"},{"@type":"ListItem","position":2,"name":"Activities"}]},{"@type":"WebSite","@id":"https:\/\/www.fondazioneborischristoff.org\/en#website","url":"https:\/\/www.fondazioneborischristoff.org\/en","name":"Fondazione Boris Christoff","description":"","publisher":{"@id":"https:\/\/www.fondazioneborischristoff.org\/en#organization"},"potentialAction":[{"@type":"SearchAction","target":{"@type":"EntryPoint","urlTemplate":"https:\/\/www.fondazioneborischristoff.org\/en?s={search_term_string}"},"query-input":{"@type":"PropertyValueSpecification","valueRequired":true,"valueName":"search_term_string"}}],"inLanguage":"en-US"},{"@type":"Organization","@id":"https:\/\/www.fondazioneborischristoff.org\/en#organization","name":"Fondazione Boris Christoff","url":"https:\/\/www.fondazioneborischristoff.org\/en","logo":{"@type":"ImageObject","inLanguage":"en-US","@id":"https:\/\/www.fondazioneborischristoff.org\/en#\/schema\/logo\/image\/","url":"https:\/\/www.fondazioneborischristoff.org\/wp-content\/uploads\/2021\/10\/Logo-nero-FBC.png","contentUrl":"https:\/\/www.fondazioneborischristoff.org\/wp-content\/uploads\/2021\/10\/Logo-nero-FBC.png","width":150,"height":75,"caption":"Fondazione Boris Christoff"},"image":{"@id":"https:\/\/www.fondazioneborischristoff.org\/en#\/schema\/logo\/image\/"}}]}},"_links":{"self":[{"href":"https:\/\/www.fondazioneborischristoff.org\/en\/wp-json\/wp\/v2\/pages\/646","targetHints":{"allow":["GET"]}}],"collection":[{"href":"https:\/\/www.fondazioneborischristoff.org\/en\/wp-json\/wp\/v2\/pages"}],"about":[{"href":"https:\/\/www.fondazioneborischristoff.org\/en\/wp-json\/wp\/v2\/types\/page"}],"author":[{"embeddable":true,"href":"https:\/\/www.fondazioneborischristoff.org\/en\/wp-json\/wp\/v2\/users\/2"}],"replies":[{"embeddable":true,"href":"https:\/\/www.fondazioneborischristoff.org\/en\/wp-json\/wp\/v2\/comments?post=646"}],"version-history":[{"count":7,"href":"https:\/\/www.fondazioneborischristoff.org\/en\/wp-json\/wp\/v2\/pages\/646\/revisions"}],"predecessor-version":[{"id":705,"href":"https:\/\/www.fondazioneborischristoff.org\/en\/wp-json\/wp\/v2\/pages\/646\/revisions\/705"}],"wp:attachment":[{"href":"https:\/\/www.fondazioneborischristoff.org\/en\/wp-json\/wp\/v2\/media?parent=646"}],"curies":[{"name":"wp","href":"https:\/\/api.w.org\/{rel}","templated":true}]}}